{"id":3065,"date":"2024-03-12T15:16:53","date_gmt":"2024-03-12T14:16:53","guid":{"rendered":"https:\/\/www.nicolasdohr.art\/site\/?page_id=3065"},"modified":"2024-10-30T20:57:59","modified_gmt":"2024-10-30T19:57:59","slug":"sluc-2009-2013","status":"publish","type":"page","link":"https:\/\/www.nicolasdohr.com\/?page_id=3065","title":{"rendered":"SLUC 2009-2013"},"content":{"rendered":"\t\t<div data-elementor-type=\"wp-page\" data-elementor-id=\"3065\" class=\"elementor elementor-3065\" data-elementor-post-type=\"page\">\n\t\t\t\t<div class=\"elementor-element elementor-element-eb6853d e-flex e-con-boxed e-con e-parent\" data-id=\"eb6853d\" data-element_type=\"container\" data-e-type=\"container\" data-settings=\"{&quot;position&quot;:&quot;fixed&quot;,&quot;background_background&quot;:&quot;slideshow&quot;,&quot;background_slideshow_gallery&quot;:[{&quot;id&quot;:3114,&quot;url&quot;:&quot;https:\\\/\\\/www.nicolasdohr.com\\\/wp-content\\\/uploads\\\/2024\\\/03\\\/1106111903-8837-1.jpg&quot;},{&quot;id&quot;:3149,&quot;url&quot;:&quot;https:\\\/\\\/www.nicolasdohr.com\\\/wp-content\\\/uploads\\\/2024\\\/03\\\/1106111830-8555.1490.jpg&quot;},{&quot;id&quot;:3115,&quot;url&quot;:&quot;https:\\\/\\\/www.nicolasdohr.com\\\/wp-content\\\/uploads\\\/2024\\\/03\\\/1110041638-8971.jpg&quot;},{&quot;id&quot;:3113,&quot;url&quot;:&quot;https:\\\/\\\/www.nicolasdohr.com\\\/wp-content\\\/uploads\\\/2024\\\/03\\\/1105282022-2545-1.jpg&quot;},{&quot;id&quot;:3112,&quot;url&quot;:&quot;https:\\\/\\\/www.nicolasdohr.com\\\/wp-content\\\/uploads\\\/2024\\\/03\\\/1011162107-8547-1.jpg&quot;}],&quot;background_slideshow_lazyload&quot;:&quot;yes&quot;,&quot;background_slideshow_ken_burns&quot;:&quot;yes&quot;,&quot;background_slideshow_ken_burns_zoom_direction&quot;:&quot;out&quot;,&quot;background_slideshow_loop&quot;:&quot;yes&quot;,&quot;background_slideshow_slide_duration&quot;:5000,&quot;background_slideshow_slide_transition&quot;:&quot;fade&quot;,&quot;background_slideshow_transition_duration&quot;:500}\">\n\t\t\t\t\t<div class=\"e-con-inner\">\n\t\t\t\t\t<\/div>\n\t\t\t\t<\/div>\n\t\t<div class=\"elementor-element elementor-element-0c794a0 e-con-full e-flex e-con e-parent\" data-id=\"0c794a0\" data-element_type=\"container\" data-e-type=\"container\" data-settings=\"{&quot;background_background&quot;:&quot;classic&quot;}\">\n\t\t<div class=\"elementor-element elementor-element-9d81f5d e-flex e-con-boxed e-con e-child\" data-id=\"9d81f5d\" data-element_type=\"container\" data-e-type=\"container\">\n\t\t\t\t\t<div class=\"e-con-inner\">\n\t\t\t\t<div class=\"elementor-element elementor-element-fc27046 elementor-widget elementor-widget-text-editor\" data-id=\"fc27046\" data-element_type=\"widget\" data-e-type=\"widget\" data-widget_type=\"text-editor.default\">\n\t\t\t\t<div class=\"elementor-widget-container\">\n\t\t\t\t\t\t\t\t\t<pre>\/ <a href=\"https:\/\/www.nicolasdohr.com\/?page_id=390\">PHOTOGRAPHIE<\/a><\/pre>\t\t\t\t\t\t\t\t<\/div>\n\t\t\t\t<\/div>\n\t\t\t\t<div class=\"elementor-element elementor-element-6a7151d elementor-widget elementor-widget-text-editor\" data-id=\"6a7151d\" data-element_type=\"widget\" data-e-type=\"widget\" data-widget_type=\"text-editor.default\">\n\t\t\t\t<div class=\"elementor-widget-container\">\n\t\t\t\t\t\t\t\t\t<pre>\/ <a href=\"https:\/\/www.nicolasdohr.com\/?page_id=3053\">Reportage &amp; Evenements<\/a><\/pre>\t\t\t\t\t\t\t\t<\/div>\n\t\t\t\t<\/div>\n\t\t\t\t<div class=\"elementor-element elementor-element-5e9e7f4 elementor-widget elementor-widget-text-editor\" data-id=\"5e9e7f4\" data-element_type=\"widget\" data-e-type=\"widget\" data-widget_type=\"text-editor.default\">\n\t\t\t\t<div class=\"elementor-widget-container\">\n\t\t\t\t\t\t\t\t\t<pre>\/ <a href=\"#\">SLUC 2009-2019<\/a><\/pre>\t\t\t\t\t\t\t\t<\/div>\n\t\t\t\t<\/div>\n\t\t\t\t\t<\/div>\n\t\t\t\t<\/div>\n\t\t<div class=\"elementor-element elementor-element-d35d171 e-con-full e-flex e-con e-child\" data-id=\"d35d171\" data-element_type=\"container\" data-e-type=\"container\">\n\t\t\t\t<div class=\"elementor-element elementor-element-b56c25e e-transform elementor-widget elementor-widget-heading\" data-id=\"b56c25e\" data-element_type=\"widget\" data-e-type=\"widget\" data-settings=\"{&quot;_transform_translateX_effect&quot;:{&quot;unit&quot;:&quot;px&quot;,&quot;size&quot;:0,&quot;sizes&quot;:[]},&quot;_transform_translateY_effect&quot;:{&quot;unit&quot;:&quot;px&quot;,&quot;size&quot;:0,&quot;sizes&quot;:[]},&quot;_transform_translateX_effect_tablet&quot;:{&quot;unit&quot;:&quot;px&quot;,&quot;size&quot;:&quot;&quot;,&quot;sizes&quot;:[]},&quot;_transform_translateX_effect_mobile&quot;:{&quot;unit&quot;:&quot;px&quot;,&quot;size&quot;:&quot;&quot;,&quot;sizes&quot;:[]},&quot;_transform_translateY_effect_tablet&quot;:{&quot;unit&quot;:&quot;px&quot;,&quot;size&quot;:&quot;&quot;,&quot;sizes&quot;:[]},&quot;_transform_translateY_effect_mobile&quot;:{&quot;unit&quot;:&quot;px&quot;,&quot;size&quot;:&quot;&quot;,&quot;sizes&quot;:[]}}\" data-widget_type=\"heading.default\">\n\t\t\t\t<div class=\"elementor-widget-container\">\n\t\t\t\t\t<h1 class=\"elementor-heading-title elementor-size-default\">SLUC 2009-2013<\/h1>\t\t\t\t<\/div>\n\t\t\t\t<\/div>\n\t\t\t\t<div class=\"elementor-element elementor-element-f36caab elementor-widget elementor-widget-text-editor\" data-id=\"f36caab\" data-element_type=\"widget\" data-e-type=\"widget\" data-widget_type=\"text-editor.default\">\n\t\t\t\t<div class=\"elementor-widget-container\">\n\t\t\t\t\t\t\t\t\t<p>Pendant quatre saisons intenses, j&rsquo;ai \u00e9t\u00e9 le t\u00e9moin privil\u00e9gi\u00e9 des exploits du SLUC Nancy Basket. Cela m&rsquo;a conduit au sacre de l&rsquo;\u00e9quipe \u00e0 Bercy en 2011, lorsque le club remporta le championnat Pro A au terme d&rsquo;un match haletant contre Cholet Basket.<\/p><p>\u00c0 chaque rencontre au Palais des Sports Jean Weille, l&rsquo;atmosph\u00e8re \u00e9lectrique \u00e9tait palpable. Les tribunes remplies de fans passionn\u00e9s, soutenaient leur \u00e9quipe avec ferveur. Un spectacle \u00e0 part enti\u00e8re, o\u00f9 chaque dribble, chaque panier, \u00e9tait un moment de suspense et d&rsquo;excitation. Ces instants d&rsquo;intensit\u00e9 sont fix\u00e9s sur pellicule, tout comme l&rsquo;\u00e9nergie brute qui \u00e9manait du terrain et des gradins.<\/p><p>J&rsquo;ai photographi\u00e9 certains des joueurs les plus embl\u00e9matiques du club tels que Nicolas Batum, les fr\u00e8res Greer, John Linehan et bien d&rsquo;autres. En studio, j&rsquo;ai immortalis\u00e9 leur d\u00e9termination, leur concentration et leur personnalit\u00e9 unique. Chaque s\u00e9ance \u00e9tait une exploration de leur caract\u00e8re, de leur force int\u00e9rieure, captur\u00e9e \u00e0 travers l&rsquo;objectif de mon appareil photo.<\/p><p>Mais au-del\u00e0 des clich\u00e9s individuels, c&rsquo;\u00e9tait l&rsquo;esprit d&rsquo;\u00e9quipe qui brillait le plus sur le terrain. Le SLUC Nancy Basket \u00e9tait plus qu&rsquo;une simple collection de joueurs talentueux ; c&rsquo;\u00e9tait une famille soud\u00e9e, unie par une passion commune pour le jeu et le succ\u00e8s. Chaque victoire \u00e9tait le fruit d&rsquo;un travail d&rsquo;\u00e9quipe acharn\u00e9, de sacrifices et de d\u00e9vouement.<\/p><p>Aujourd&rsquo;hui, en regardant en arri\u00e8re sur ces ann\u00e9es pass\u00e9es \u00e0 documenter l&rsquo;histoire du SLUC Nancy Basket, je suis reconnaissant pour les souvenirs inoubliables que j&rsquo;ai pu capturer \u00e0 travers mon objectif. Et bien que mon r\u00f4le en tant que photographe du club soit d\u00e9sormais termin\u00e9, ces images continueront \u00e0 r\u00e9sonner du souvenir de Christian Fra, de Jean-Luc Monschau et de tout l&rsquo;encadrement.<\/p>\t\t\t\t\t\t\t\t<\/div>\n\t\t\t\t<\/div>\n\t\t\t\t<\/div>\n\t\t\t\t<\/div>\n\t\t<div class=\"elementor-element elementor-element-90afd57 e-flex e-con-boxed e-con e-parent\" data-id=\"90afd57\" data-element_type=\"container\" data-e-type=\"container\">\n\t\t\t\t\t<div class=\"e-con-inner\">\n\t\t\t\t<div class=\"elementor-element elementor-element-9d8aa5a elementor-widget-divider--view-line elementor-widget elementor-widget-divider\" data-id=\"9d8aa5a\" data-element_type=\"widget\" data-e-type=\"widget\" data-widget_type=\"divider.default\">\n\t\t\t\t<div class=\"elementor-widget-container\">\n\t\t\t\t\t\t\t<div class=\"elementor-divider\">\n\t\t\t<span class=\"elementor-divider-separator\">\n\t\t\t\t\t\t<\/span>\n\t\t<\/div>\n\t\t\t\t\t\t<\/div>\n\t\t\t\t<\/div>\n\t\t\t\t\t<\/div>\n\t\t\t\t<\/div>\n\t\t<div class=\"elementor-element elementor-element-73ac129 e-con-full e-flex e-con e-parent\" data-id=\"73ac129\" data-element_type=\"container\" data-e-type=\"container\" data-settings=\"{&quot;background_background&quot;:&quot;classic&quot;}\">\n\t\t\t\t<div class=\"elementor-element elementor-element-18ae908 elementor-widget elementor-widget-image\" data-id=\"18ae908\" data-element_type=\"widget\" data-e-type=\"widget\" data-widget_type=\"image.default\">\n\t\t\t\t<div class=\"elementor-widget-container\">\n\t\t\t\t\t\t\t\t\t\t\t\t<figure class=\"wp-caption\">\n\t\t\t\t\t\t\t\t\t\t<img fetchpriority=\"high\" decoding=\"async\" width=\"1200\" height=\"290\" src=\"https:\/\/www.nicolasdohr.com\/wp-content\/uploads\/2024\/03\/1106111643-8203-Panorama.jpg\" class=\"attachment-full size-full wp-image-3096\" alt=\"Palais Omnisport de Paris-Bercy lors de la finale de PRO A de 2011\" srcset=\"https:\/\/www.nicolasdohr.com\/wp-content\/uploads\/2024\/03\/1106111643-8203-Panorama.jpg 1200w, https:\/\/www.nicolasdohr.com\/wp-content\/uploads\/2024\/03\/1106111643-8203-Panorama-300x73.jpg 300w, https:\/\/www.nicolasdohr.com\/wp-content\/uploads\/2024\/03\/1106111643-8203-Panorama-1024x247.jpg 1024w, https:\/\/www.nicolasdohr.com\/wp-content\/uploads\/2024\/03\/1106111643-8203-Panorama-768x186.jpg 768w\" sizes=\"(max-width: 1200px) 100vw, 1200px\" \/>\t\t\t\t\t\t\t\t\t\t\t<figcaption class=\"widget-image-caption wp-caption-text\">Palais Omnisport de Paris-Bercy lors de la finale de PRO A de 2011<\/figcaption>\n\t\t\t\t\t\t\t\t\t\t<\/figure>\n\t\t\t\t\t\t\t\t\t<\/div>\n\t\t\t\t<\/div>\n\t\t\t\t<div class=\"elementor-element elementor-element-7d716be gallery-spacing-custom elementor-widget elementor-widget-image-gallery\" data-id=\"7d716be\" data-element_type=\"widget\" data-e-type=\"widget\" data-widget_type=\"image-gallery.default\">\n\t\t\t\t<div class=\"elementor-widget-container\">\n\t\t\t\t\t\t\t<div class=\"elementor-image-gallery\">\n\t\t\t<div id='gallery-1' class='gallery galleryid-3065 gallery-columns-5 gallery-size-thumbnail'><figure class='gallery-item'>\n\t\t\t<div class='gallery-icon portrait'>\n\t\t\t\t<a data-elementor-open-lightbox=\"yes\" data-elementor-lightbox-slideshow=\"7d716be\" data-elementor-lightbox-description=\"Moussa Badiane contre Hyeres\" data-e-action-hash=\"#elementor-action%3Aaction%3Dlightbox%26settings%3DeyJpZCI6MzEwOCwidXJsIjoiaHR0cHM6XC9cL3d3dy5uaWNvbGFzZG9oci5jb21cL3dwLWNvbnRlbnRcL3VwbG9hZHNcLzIwMjRcLzAzXC8xMTAxMDgyMDU4MjAtNDMwNi5qcGciLCJzbGlkZXNob3ciOiI3ZDcxNmJlIn0%3D\" href='https:\/\/www.nicolasdohr.com\/wp-content\/uploads\/2024\/03\/110108205820-4306.jpg'><img decoding=\"async\" width=\"150\" height=\"150\" src=\"https:\/\/www.nicolasdohr.com\/wp-content\/uploads\/2024\/03\/110108205820-4306-150x150.jpg\" class=\"attachment-thumbnail size-thumbnail\" alt=\"Moussa Badiane contre Hyeres\" aria-describedby=\"gallery-1-3108\" \/><\/a>\n\t\t\t<\/div>\n\t\t\t\t<figcaption class='wp-caption-text gallery-caption' id='gallery-1-3108'>\n\t\t\t\tMoussa Badiane contre Hyeres\n\t\t\t\t<\/figcaption><\/figure><figure class='gallery-item'>\n\t\t\t<div class='gallery-icon portrait'>\n\t\t\t\t<a data-elementor-open-lightbox=\"yes\" data-elementor-lightbox-slideshow=\"7d716be\" data-elementor-lightbox-description=\"John Linehan sur le banc\" data-e-action-hash=\"#elementor-action%3Aaction%3Dlightbox%26settings%3DeyJpZCI6MzA4NSwidXJsIjoiaHR0cHM6XC9cL3d3dy5uaWNvbGFzZG9oci5jb21cL3dwLWNvbnRlbnRcL3VwbG9hZHNcLzIwMjRcLzAzXC8xMDEwMDUyMTQ2LTYwNjIuanBnIiwic2xpZGVzaG93IjoiN2Q3MTZiZSJ9\" href='https:\/\/www.nicolasdohr.com\/wp-content\/uploads\/2024\/03\/1010052146-6062.jpg'><img decoding=\"async\" width=\"150\" height=\"150\" src=\"https:\/\/www.nicolasdohr.com\/wp-content\/uploads\/2024\/03\/1010052146-6062-150x150.jpg\" class=\"attachment-thumbnail size-thumbnail\" alt=\"John Linehan sur le banc\" aria-describedby=\"gallery-1-3085\" \/><\/a>\n\t\t\t<\/div>\n\t\t\t\t<figcaption class='wp-caption-text gallery-caption' id='gallery-1-3085'>\n\t\t\t\tJohn Linehan sur le banc\n\t\t\t\t<\/figcaption><\/figure><figure class='gallery-item'>\n\t\t\t<div class='gallery-icon portrait'>\n\t\t\t\t<a data-elementor-open-lightbox=\"yes\" data-elementor-lightbox-slideshow=\"7d716be\" data-elementor-lightbox-description=\"Tremmel Darden au rebond\" data-e-action-hash=\"#elementor-action%3Aaction%3Dlightbox%26settings%3DeyJpZCI6MzA4MSwidXJsIjoiaHR0cHM6XC9cL3d3dy5uaWNvbGFzZG9oci5jb21cL3dwLWNvbnRlbnRcL3VwbG9hZHNcLzIwMjRcLzAzXC8wOTEyMDQyMDI5LTI5ODguanBnIiwic2xpZGVzaG93IjoiN2Q3MTZiZSJ9\" href='https:\/\/www.nicolasdohr.com\/wp-content\/uploads\/2024\/03\/0912042029-2988.jpg'><img loading=\"lazy\" decoding=\"async\" width=\"150\" height=\"150\" src=\"https:\/\/www.nicolasdohr.com\/wp-content\/uploads\/2024\/03\/0912042029-2988-150x150.jpg\" class=\"attachment-thumbnail size-thumbnail\" alt=\"Tremmel Darden au rebond\" aria-describedby=\"gallery-1-3081\" \/><\/a>\n\t\t\t<\/div>\n\t\t\t\t<figcaption class='wp-caption-text gallery-caption' id='gallery-1-3081'>\n\t\t\t\tTremmel Darden au rebond\n\t\t\t\t<\/figcaption><\/figure><figure class='gallery-item'>\n\t\t\t<div class='gallery-icon portrait'>\n\t\t\t\t<a data-elementor-open-lightbox=\"yes\" data-elementor-lightbox-slideshow=\"7d716be\" data-elementor-lightbox-description=\"Willie Deane contre Paris-Levallois\" data-e-action-hash=\"#elementor-action%3Aaction%3Dlightbox%26settings%3DeyJpZCI6MzA5MywidXJsIjoiaHR0cHM6XC9cL3d3dy5uaWNvbGFzZG9oci5jb21cL3dwLWNvbnRlbnRcL3VwbG9hZHNcLzIwMjRcLzAzXC8xMDEyMTgyMTA4LTM0MTQuanBnIiwic2xpZGVzaG93IjoiN2Q3MTZiZSJ9\" href='https:\/\/www.nicolasdohr.com\/wp-content\/uploads\/2024\/03\/1012182108-3414.jpg'><img loading=\"lazy\" decoding=\"async\" width=\"150\" height=\"150\" src=\"https:\/\/www.nicolasdohr.com\/wp-content\/uploads\/2024\/03\/1012182108-3414-150x150.jpg\" class=\"attachment-thumbnail size-thumbnail\" alt=\"Willie Deane contre Paris-Levallois\" aria-describedby=\"gallery-1-3093\" \/><\/a>\n\t\t\t<\/div>\n\t\t\t\t<figcaption class='wp-caption-text gallery-caption' id='gallery-1-3093'>\n\t\t\t\tWillie Deane contre Paris-Levallois\n\t\t\t\t<\/figcaption><\/figure><figure class='gallery-item'>\n\t\t\t<div class='gallery-icon landscape'>\n\t\t\t\t<a data-elementor-open-lightbox=\"yes\" data-elementor-lightbox-slideshow=\"7d716be\" data-elementor-lightbox-description=\"Victor Samnick contre l&#039;ASVEL lors des Plays-Off de 2010\" data-e-action-hash=\"#elementor-action%3Aaction%3Dlightbox%26settings%3DeyJpZCI6MzA5NCwidXJsIjoiaHR0cHM6XC9cL3d3dy5uaWNvbGFzZG9oci5jb21cL3dwLWNvbnRlbnRcL3VwbG9hZHNcLzIwMjRcLzAzXC8xMTA1MjgyMDIyLTI1NDUuanBnIiwic2xpZGVzaG93IjoiN2Q3MTZiZSJ9\" href='https:\/\/www.nicolasdohr.com\/wp-content\/uploads\/2024\/03\/1105282022-2545.jpg'><img loading=\"lazy\" decoding=\"async\" width=\"150\" height=\"150\" src=\"https:\/\/www.nicolasdohr.com\/wp-content\/uploads\/2024\/03\/1105282022-2545-150x150.jpg\" class=\"attachment-thumbnail size-thumbnail\" alt=\"Victor Samnick contre l&#039;ASVEL lors des Plays-Off de 2010\" aria-describedby=\"gallery-1-3094\" \/><\/a>\n\t\t\t<\/div>\n\t\t\t\t<figcaption class='wp-caption-text gallery-caption' id='gallery-1-3094'>\n\t\t\t\tVictor Samnick contre l&rsquo;ASVEL lors des Plays-Off de 2010\n\t\t\t\t<\/figcaption><\/figure><figure class='gallery-item'>\n\t\t\t<div class='gallery-icon portrait'>\n\t\t\t\t<a data-elementor-open-lightbox=\"yes\" data-elementor-lightbox-slideshow=\"7d716be\" data-elementor-lightbox-description=\"Dunk de Tremmel Darden\" data-e-action-hash=\"#elementor-action%3Aaction%3Dlightbox%26settings%3DeyJpZCI6MzEwOSwidXJsIjoiaHR0cHM6XC9cL3d3dy5uaWNvbGFzZG9oci5jb21cL3dwLWNvbnRlbnRcL3VwbG9hZHNcLzIwMjRcLzAzXC8xMTA0MDIyMTQwMDUtMzA0Ny5qcGciLCJzbGlkZXNob3ciOiI3ZDcxNmJlIn0%3D\" href='https:\/\/www.nicolasdohr.com\/wp-content\/uploads\/2024\/03\/110402214005-3047.jpg'><img loading=\"lazy\" decoding=\"async\" width=\"150\" height=\"150\" src=\"https:\/\/www.nicolasdohr.com\/wp-content\/uploads\/2024\/03\/110402214005-3047-150x150.jpg\" class=\"attachment-thumbnail size-thumbnail\" alt=\"Dunk de Tremmel Darden\" aria-describedby=\"gallery-1-3109\" \/><\/a>\n\t\t\t<\/div>\n\t\t\t\t<figcaption class='wp-caption-text gallery-caption' id='gallery-1-3109'>\n\t\t\t\tDunk de Tremmel Darden\n\t\t\t\t<\/figcaption><\/figure><figure class='gallery-item'>\n\t\t\t<div class='gallery-icon portrait'>\n\t\t\t\t<a data-elementor-open-lightbox=\"yes\" data-elementor-lightbox-slideshow=\"7d716be\" data-elementor-lightbox-description=\"Dunk de Tremmel Darden durant les Plays-Off contre l&#039;ASVEL\" data-e-action-hash=\"#elementor-action%3Aaction%3Dlightbox%26settings%3DeyJpZCI6MzA5MiwidXJsIjoiaHR0cHM6XC9cL3d3dy5uaWNvbGFzZG9oci5jb21cL3dwLWNvbnRlbnRcL3VwbG9hZHNcLzIwMjRcLzAzXC8xMDExMTYyMjEzLTg4MzEuanBnIiwic2xpZGVzaG93IjoiN2Q3MTZiZSJ9\" href='https:\/\/www.nicolasdohr.com\/wp-content\/uploads\/2024\/03\/1011162213-8831.jpg'><img loading=\"lazy\" decoding=\"async\" width=\"150\" height=\"150\" src=\"https:\/\/www.nicolasdohr.com\/wp-content\/uploads\/2024\/03\/1011162213-8831-150x150.jpg\" class=\"attachment-thumbnail size-thumbnail\" alt=\"Dunk de Tremmel Darden durant les Plays-Off contre l&#039;ASVEL\" aria-describedby=\"gallery-1-3092\" \/><\/a>\n\t\t\t<\/div>\n\t\t\t\t<figcaption class='wp-caption-text gallery-caption' id='gallery-1-3092'>\n\t\t\t\tDunk de Tremmel Darden durant les Plays-Off contre l&rsquo;ASVEL\n\t\t\t\t<\/figcaption><\/figure><figure class='gallery-item'>\n\t\t\t<div class='gallery-icon portrait'>\n\t\t\t\t<a data-elementor-open-lightbox=\"yes\" data-elementor-lightbox-slideshow=\"7d716be\" data-elementor-lightbox-description=\"John Linehan contre Cholet\" data-e-action-hash=\"#elementor-action%3Aaction%3Dlightbox%26settings%3DeyJpZCI6MzEwNSwidXJsIjoiaHR0cHM6XC9cL3d3dy5uaWNvbGFzZG9oci5jb21cL3dwLWNvbnRlbnRcL3VwbG9hZHNcLzIwMjRcLzAzXC8xMTExMjYyMTQ5LTQ4NjIuanBnIiwic2xpZGVzaG93IjoiN2Q3MTZiZSJ9\" href='https:\/\/www.nicolasdohr.com\/wp-content\/uploads\/2024\/03\/1111262149-4862.jpg'><img loading=\"lazy\" decoding=\"async\" width=\"150\" height=\"150\" src=\"https:\/\/www.nicolasdohr.com\/wp-content\/uploads\/2024\/03\/1111262149-4862-150x150.jpg\" class=\"attachment-thumbnail size-thumbnail\" alt=\"John Linehan contre Cholet\" aria-describedby=\"gallery-1-3105\" \/><\/a>\n\t\t\t<\/div>\n\t\t\t\t<figcaption class='wp-caption-text gallery-caption' id='gallery-1-3105'>\n\t\t\t\tJohn Linehan contre Cholet\n\t\t\t\t<\/figcaption><\/figure><figure class='gallery-item'>\n\t\t\t<div class='gallery-icon portrait'>\n\t\t\t\t<a data-elementor-open-lightbox=\"yes\" data-elementor-lightbox-slideshow=\"7d716be\" data-elementor-lightbox-description=\"John Linehan, finale de PROA \u00e0 Bercy (2011)\" data-e-action-hash=\"#elementor-action%3Aaction%3Dlightbox%26settings%3DeyJpZCI6MzA5OSwidXJsIjoiaHR0cHM6XC9cL3d3dy5uaWNvbGFzZG9oci5jb21cL3dwLWNvbnRlbnRcL3VwbG9hZHNcLzIwMjRcLzAzXC8xMTA2MTExODQ4LTk3NjItMS5qcGciLCJzbGlkZXNob3ciOiI3ZDcxNmJlIn0%3D\" href='https:\/\/www.nicolasdohr.com\/wp-content\/uploads\/2024\/03\/1106111848-9762-1.jpg'><img loading=\"lazy\" decoding=\"async\" width=\"150\" height=\"150\" src=\"https:\/\/www.nicolasdohr.com\/wp-content\/uploads\/2024\/03\/1106111848-9762-1-150x150.jpg\" class=\"attachment-thumbnail size-thumbnail\" alt=\"John Linehan, finale de PROA \u00e0 Bercy (2011)\" aria-describedby=\"gallery-1-3099\" \/><\/a>\n\t\t\t<\/div>\n\t\t\t\t<figcaption class='wp-caption-text gallery-caption' id='gallery-1-3099'>\n\t\t\t\tJohn Linehan, finale de PROA \u00e0 Bercy (2011)\n\t\t\t\t<\/figcaption><\/figure><figure class='gallery-item'>\n\t\t\t<div class='gallery-icon portrait'>\n\t\t\t\t<a data-elementor-open-lightbox=\"yes\" data-elementor-lightbox-slideshow=\"7d716be\" data-elementor-lightbox-description=\"Willie Deane en studio au SLUC Nancy Basket \" data-e-action-hash=\"#elementor-action%3Aaction%3Dlightbox%26settings%3DeyJpZCI6MzA5MCwidXJsIjoiaHR0cHM6XC9cL3d3dy5uaWNvbGFzZG9oci5jb21cL3dwLWNvbnRlbnRcL3VwbG9hZHNcLzIwMjRcLzAzXC8xMDExMDgxNzA0LTgxMTYtMS5qcGciLCJzbGlkZXNob3ciOiI3ZDcxNmJlIn0%3D\" href='https:\/\/www.nicolasdohr.com\/wp-content\/uploads\/2024\/03\/1011081704-8116-1.jpg'><img loading=\"lazy\" decoding=\"async\" width=\"150\" height=\"150\" src=\"https:\/\/www.nicolasdohr.com\/wp-content\/uploads\/2024\/03\/1011081704-8116-1-150x150.jpg\" class=\"attachment-thumbnail size-thumbnail\" alt=\"Willie Deane en studio au SLUC Nancy Basket\" aria-describedby=\"gallery-1-3090\" \/><\/a>\n\t\t\t<\/div>\n\t\t\t\t<figcaption class='wp-caption-text gallery-caption' id='gallery-1-3090'>\n\t\t\t\tWillie Deane en studio au SLUC Nancy Basket \n\t\t\t\t<\/figcaption><\/figure><figure class='gallery-item'>\n\t\t\t<div class='gallery-icon portrait'>\n\t\t\t\t<a data-elementor-open-lightbox=\"yes\" data-elementor-lightbox-slideshow=\"7d716be\" data-elementor-lightbox-description=\"Victor Samnick contre Graveline\" data-e-action-hash=\"#elementor-action%3Aaction%3Dlightbox%26settings%3DeyJpZCI6MzA4NiwidXJsIjoiaHR0cHM6XC9cL3d3dy5uaWNvbGFzZG9oci5jb21cL3dwLWNvbnRlbnRcL3VwbG9hZHNcLzIwMjRcLzAzXC8xMDEwMDkyMTAwLTM0MTMtMS5qcGciLCJzbGlkZXNob3ciOiI3ZDcxNmJlIn0%3D\" href='https:\/\/www.nicolasdohr.com\/wp-content\/uploads\/2024\/03\/1010092100-3413-1.jpg'><img loading=\"lazy\" decoding=\"async\" width=\"150\" height=\"150\" src=\"https:\/\/www.nicolasdohr.com\/wp-content\/uploads\/2024\/03\/1010092100-3413-1-150x150.jpg\" class=\"attachment-thumbnail size-thumbnail\" alt=\"Victor Samnick contre Graveline\" aria-describedby=\"gallery-1-3086\" \/><\/a>\n\t\t\t<\/div>\n\t\t\t\t<figcaption class='wp-caption-text gallery-caption' id='gallery-1-3086'>\n\t\t\t\tVictor Samnick contre Graveline\n\t\t\t\t<\/figcaption><\/figure><figure class='gallery-item'>\n\t\t\t<div class='gallery-icon portrait'>\n\t\t\t\t<a data-elementor-open-lightbox=\"yes\" data-elementor-lightbox-slideshow=\"7d716be\" data-elementor-lightbox-description=\"Victor Samnick contre Hyeres\" data-e-action-hash=\"#elementor-action%3Aaction%3Dlightbox%26settings%3DeyJpZCI6MzEwNywidXJsIjoiaHR0cHM6XC9cL3d3dy5uaWNvbGFzZG9oci5jb21cL3dwLWNvbnRlbnRcL3VwbG9hZHNcLzIwMjRcLzAzXC8xMTAxMDgyMDA5MzctNDE1NC5qcGciLCJzbGlkZXNob3ciOiI3ZDcxNmJlIn0%3D\" href='https:\/\/www.nicolasdohr.com\/wp-content\/uploads\/2024\/03\/110108200937-4154.jpg'><img loading=\"lazy\" decoding=\"async\" width=\"150\" height=\"150\" src=\"https:\/\/www.nicolasdohr.com\/wp-content\/uploads\/2024\/03\/110108200937-4154-150x150.jpg\" class=\"attachment-thumbnail size-thumbnail\" alt=\"Victor Samnick contre Hyeres\" aria-describedby=\"gallery-1-3107\" \/><\/a>\n\t\t\t<\/div>\n\t\t\t\t<figcaption class='wp-caption-text gallery-caption' id='gallery-1-3107'>\n\t\t\t\tVictor Samnick contre Hyeres\n\t\t\t\t<\/figcaption><\/figure><figure class='gallery-item'>\n\t\t\t<div class='gallery-icon portrait'>\n\t\t\t\t<a data-elementor-open-lightbox=\"yes\" data-elementor-lightbox-slideshow=\"7d716be\" data-elementor-lightbox-description=\"Steed Tchicamboud contre Vichy\" data-e-action-hash=\"#elementor-action%3Aaction%3Dlightbox%26settings%3DeyJpZCI6MzA4MiwidXJsIjoiaHR0cHM6XC9cL3d3dy5uaWNvbGFzZG9oci5jb21cL3dwLWNvbnRlbnRcL3VwbG9hZHNcLzIwMjRcLzAzXC8xMDA0MDMyMTI2LTk5OTQuanBnIiwic2xpZGVzaG93IjoiN2Q3MTZiZSJ9\" href='https:\/\/www.nicolasdohr.com\/wp-content\/uploads\/2024\/03\/1004032126-9994.jpg'><img loading=\"lazy\" decoding=\"async\" width=\"150\" height=\"150\" src=\"https:\/\/www.nicolasdohr.com\/wp-content\/uploads\/2024\/03\/1004032126-9994-150x150.jpg\" class=\"attachment-thumbnail size-thumbnail\" alt=\"Steed Tchicamboud contre Vichy\" aria-describedby=\"gallery-1-3082\" \/><\/a>\n\t\t\t<\/div>\n\t\t\t\t<figcaption class='wp-caption-text gallery-caption' id='gallery-1-3082'>\n\t\t\t\tSteed Tchicamboud contre Vichy\n\t\t\t\t<\/figcaption><\/figure><figure class='gallery-item'>\n\t\t\t<div class='gallery-icon portrait'>\n\t\t\t\t<a data-elementor-open-lightbox=\"yes\" data-elementor-lightbox-slideshow=\"7d716be\" data-elementor-lightbox-description=\"Coach Jean-Luc Monschau lors de la finale de PRO A \u00e0 Bercy (2011)\" data-e-action-hash=\"#elementor-action%3Aaction%3Dlightbox%26settings%3DeyJpZCI6MzA5NywidXJsIjoiaHR0cHM6XC9cL3d3dy5uaWNvbGFzZG9oci5jb21cL3dwLWNvbnRlbnRcL3VwbG9hZHNcLzIwMjRcLzAzXC8xMTA2MTExNzA4LTgzMzIuanBnIiwic2xpZGVzaG93IjoiN2Q3MTZiZSJ9\" href='https:\/\/www.nicolasdohr.com\/wp-content\/uploads\/2024\/03\/1106111708-8332.jpg'><img loading=\"lazy\" decoding=\"async\" width=\"150\" height=\"150\" src=\"https:\/\/www.nicolasdohr.com\/wp-content\/uploads\/2024\/03\/1106111708-8332-150x150.jpg\" class=\"attachment-thumbnail size-thumbnail\" alt=\"Coach Jean-Luc Monschau lors de la finale de PRO A \u00e0 Bercy (2011)\" aria-describedby=\"gallery-1-3097\" \/><\/a>\n\t\t\t<\/div>\n\t\t\t\t<figcaption class='wp-caption-text gallery-caption' id='gallery-1-3097'>\n\t\t\t\tCoach Jean-Luc Monschau lors de la finale de PRO A \u00e0 Bercy (2011)\n\t\t\t\t<\/figcaption><\/figure><figure class='gallery-item'>\n\t\t\t<div class='gallery-icon portrait'>\n\t\t\t\t<a data-elementor-open-lightbox=\"yes\" data-elementor-lightbox-slideshow=\"7d716be\" data-elementor-lightbox-description=\"Dunk de Tremmel Darden durant les Plays-Off contre l&#039;ASVEL\" data-e-action-hash=\"#elementor-action%3Aaction%3Dlightbox%26settings%3DeyJpZCI6MzA5NSwidXJsIjoiaHR0cHM6XC9cL3d3dy5uaWNvbGFzZG9oci5jb21cL3dwLWNvbnRlbnRcL3VwbG9hZHNcLzIwMjRcLzAzXC8xMTA2MDQyMDM2LTg2MzkuanBnIiwic2xpZGVzaG93IjoiN2Q3MTZiZSJ9\" href='https:\/\/www.nicolasdohr.com\/wp-content\/uploads\/2024\/03\/1106042036-8639.jpg'><img loading=\"lazy\" decoding=\"async\" width=\"150\" height=\"150\" src=\"https:\/\/www.nicolasdohr.com\/wp-content\/uploads\/2024\/03\/1106042036-8639-150x150.jpg\" class=\"attachment-thumbnail size-thumbnail\" alt=\"Dunk de Tremmel Darden durant les Plays-Off contre l&#039;ASVEL\" aria-describedby=\"gallery-1-3095\" \/><\/a>\n\t\t\t<\/div>\n\t\t\t\t<figcaption class='wp-caption-text gallery-caption' id='gallery-1-3095'>\n\t\t\t\tDunk de Tremmel Darden durant les Plays-Off contre l&rsquo;ASVEL\n\t\t\t\t<\/figcaption><\/figure><figure class='gallery-item'>\n\t\t\t<div class='gallery-icon landscape'>\n\t\t\t\t<a data-elementor-open-lightbox=\"yes\" data-elementor-lightbox-slideshow=\"7d716be\" data-elementor-lightbox-description=\"Victoire lors de la finale de PRO A \u00e0 Bercy (2011)\" data-e-action-hash=\"#elementor-action%3Aaction%3Dlightbox%26settings%3DeyJpZCI6MzEwMCwidXJsIjoiaHR0cHM6XC9cL3d3dy5uaWNvbGFzZG9oci5jb21cL3dwLWNvbnRlbnRcL3VwbG9hZHNcLzIwMjRcLzAzXC8xMTA2MTExOTAzLTg4MzcuanBnIiwic2xpZGVzaG93IjoiN2Q3MTZiZSJ9\" href='https:\/\/www.nicolasdohr.com\/wp-content\/uploads\/2024\/03\/1106111903-8837.jpg'><img loading=\"lazy\" decoding=\"async\" width=\"150\" height=\"150\" src=\"https:\/\/www.nicolasdohr.com\/wp-content\/uploads\/2024\/03\/1106111903-8837-150x150.jpg\" class=\"attachment-thumbnail size-thumbnail\" alt=\"Victoire lors de la finale de PRO A \u00e0 Bercy (2011)\" aria-describedby=\"gallery-1-3100\" \/><\/a>\n\t\t\t<\/div>\n\t\t\t\t<figcaption class='wp-caption-text gallery-caption' id='gallery-1-3100'>\n\t\t\t\tVictoire lors de la finale de PRO A \u00e0 Bercy (2011)\n\t\t\t\t<\/figcaption><\/figure><figure class='gallery-item'>\n\t\t\t<div class='gallery-icon portrait'>\n\t\t\t\t<a data-elementor-open-lightbox=\"yes\" data-elementor-lightbox-slideshow=\"7d716be\" data-elementor-lightbox-description=\"Tremmel Darden contre Poitier\" data-e-action-hash=\"#elementor-action%3Aaction%3Dlightbox%26settings%3DeyJpZCI6MzA4OSwidXJsIjoiaHR0cHM6XC9cL3d3dy5uaWNvbGFzZG9oci5jb21cL3dwLWNvbnRlbnRcL3VwbG9hZHNcLzIwMjRcLzAzXC8xMDEwMjMyMDIyLTM4NjAuanBnIiwic2xpZGVzaG93IjoiN2Q3MTZiZSJ9\" href='https:\/\/www.nicolasdohr.com\/wp-content\/uploads\/2024\/03\/1010232022-3860.jpg'><img loading=\"lazy\" decoding=\"async\" width=\"150\" height=\"150\" src=\"https:\/\/www.nicolasdohr.com\/wp-content\/uploads\/2024\/03\/1010232022-3860-150x150.jpg\" class=\"attachment-thumbnail size-thumbnail\" alt=\"Tremmel Darden contre Poitier\" aria-describedby=\"gallery-1-3089\" \/><\/a>\n\t\t\t<\/div>\n\t\t\t\t<figcaption class='wp-caption-text gallery-caption' id='gallery-1-3089'>\n\t\t\t\tTremmel Darden contre Poitier\n\t\t\t\t<\/figcaption><\/figure><figure class='gallery-item'>\n\t\t\t<div class='gallery-icon portrait'>\n\t\t\t\t<a data-elementor-open-lightbox=\"yes\" data-elementor-lightbox-slideshow=\"7d716be\" data-elementor-lightbox-description=\"Jamal Shuler contre Graveline\" data-e-action-hash=\"#elementor-action%3Aaction%3Dlightbox%26settings%3DeyJpZCI6MzA4NywidXJsIjoiaHR0cHM6XC9cL3d3dy5uaWNvbGFzZG9oci5jb21cL3dwLWNvbnRlbnRcL3VwbG9hZHNcLzIwMjRcLzAzXC8xMDEwMDkyMTEzLTM0NjMuanBnIiwic2xpZGVzaG93IjoiN2Q3MTZiZSJ9\" href='https:\/\/www.nicolasdohr.com\/wp-content\/uploads\/2024\/03\/1010092113-3463.jpg'><img loading=\"lazy\" decoding=\"async\" width=\"150\" height=\"150\" src=\"https:\/\/www.nicolasdohr.com\/wp-content\/uploads\/2024\/03\/1010092113-3463-150x150.jpg\" class=\"attachment-thumbnail size-thumbnail\" alt=\"Jamal Shuler contre Graveline\" aria-describedby=\"gallery-1-3087\" \/><\/a>\n\t\t\t<\/div>\n\t\t\t\t<figcaption class='wp-caption-text gallery-caption' id='gallery-1-3087'>\n\t\t\t\tJamal Shuler contre Graveline\n\t\t\t\t<\/figcaption><\/figure><figure class='gallery-item'>\n\t\t\t<div class='gallery-icon landscape'>\n\t\t\t\t<a data-elementor-open-lightbox=\"yes\" data-elementor-lightbox-slideshow=\"7d716be\" data-elementor-lightbox-description=\"Lancer Franc de Tremmel Darden\" data-e-action-hash=\"#elementor-action%3Aaction%3Dlightbox%26settings%3DeyJpZCI6MzA5MSwidXJsIjoiaHR0cHM6XC9cL3d3dy5uaWNvbGFzZG9oci5jb21cL3dwLWNvbnRlbnRcL3VwbG9hZHNcLzIwMjRcLzAzXC8xMDExMTYyMTA3LTg1NDcuanBnIiwic2xpZGVzaG93IjoiN2Q3MTZiZSJ9\" href='https:\/\/www.nicolasdohr.com\/wp-content\/uploads\/2024\/03\/1011162107-8547.jpg'><img loading=\"lazy\" decoding=\"async\" width=\"150\" height=\"150\" src=\"https:\/\/www.nicolasdohr.com\/wp-content\/uploads\/2024\/03\/1011162107-8547-150x150.jpg\" class=\"attachment-thumbnail size-thumbnail\" alt=\"Lancer Franc de Tremmel Darden\" aria-describedby=\"gallery-1-3091\" \/><\/a>\n\t\t\t<\/div>\n\t\t\t\t<figcaption class='wp-caption-text gallery-caption' id='gallery-1-3091'>\n\t\t\t\tLancer Franc de Tremmel Darden\n\t\t\t\t<\/figcaption><\/figure><figure class='gallery-item'>\n\t\t\t<div class='gallery-icon landscape'>\n\t\t\t\t<a data-elementor-open-lightbox=\"yes\" data-elementor-lightbox-slideshow=\"7d716be\" data-elementor-lightbox-description=\"Portrait de John Linehan\" data-e-action-hash=\"#elementor-action%3Aaction%3Dlightbox%26settings%3DeyJpZCI6MzEwNiwidXJsIjoiaHR0cHM6XC9cL3d3dy5uaWNvbGFzZG9oci5jb21cL3dwLWNvbnRlbnRcL3VwbG9hZHNcLzIwMjRcLzAzXC8xMjA0MTMxODQ5LTgyOTguanBnIiwic2xpZGVzaG93IjoiN2Q3MTZiZSJ9\" href='https:\/\/www.nicolasdohr.com\/wp-content\/uploads\/2024\/03\/1204131849-8298.jpg'><img loading=\"lazy\" decoding=\"async\" width=\"150\" height=\"150\" src=\"https:\/\/www.nicolasdohr.com\/wp-content\/uploads\/2024\/03\/1204131849-8298-150x150.jpg\" class=\"attachment-thumbnail size-thumbnail\" alt=\"Portrait de John Linehan\" aria-describedby=\"gallery-1-3106\" \/><\/a>\n\t\t\t<\/div>\n\t\t\t\t<figcaption class='wp-caption-text gallery-caption' id='gallery-1-3106'>\n\t\t\t\tPortrait de John Linehan\n\t\t\t\t<\/figcaption><\/figure><figure class='gallery-item'>\n\t\t\t<div class='gallery-icon portrait'>\n\t\t\t\t<a data-elementor-open-lightbox=\"yes\" data-elementor-lightbox-slideshow=\"7d716be\" data-elementor-lightbox-description=\"Jeff Greer\" data-e-action-hash=\"#elementor-action%3Aaction%3Dlightbox%26settings%3DeyJpZCI6MzA4MywidXJsIjoiaHR0cHM6XC9cL3d3dy5uaWNvbGFzZG9oci5jb21cL3dwLWNvbnRlbnRcL3VwbG9hZHNcLzIwMjRcLzAzXC8xMDA0MTcyMDU2LTEwMzMuanBnIiwic2xpZGVzaG93IjoiN2Q3MTZiZSJ9\" href='https:\/\/www.nicolasdohr.com\/wp-content\/uploads\/2024\/03\/1004172056-1033.jpg'><img loading=\"lazy\" decoding=\"async\" width=\"150\" height=\"150\" src=\"https:\/\/www.nicolasdohr.com\/wp-content\/uploads\/2024\/03\/1004172056-1033-150x150.jpg\" class=\"attachment-thumbnail size-thumbnail\" alt=\"Jeff Greer\" aria-describedby=\"gallery-1-3083\" \/><\/a>\n\t\t\t<\/div>\n\t\t\t\t<figcaption class='wp-caption-text gallery-caption' id='gallery-1-3083'>\n\t\t\t\tJeff Greer\n\t\t\t\t<\/figcaption><\/figure><figure class='gallery-item'>\n\t\t\t<div class='gallery-icon portrait'>\n\t\t\t\t<a data-elementor-open-lightbox=\"yes\" data-elementor-lightbox-slideshow=\"7d716be\" data-elementor-lightbox-description=\"Nicolas Batum contre Chalon\" data-e-action-hash=\"#elementor-action%3Aaction%3Dlightbox%26settings%3DeyJpZCI6MzEwMSwidXJsIjoiaHR0cHM6XC9cL3d3dy5uaWNvbGFzZG9oci5jb21cL3dwLWNvbnRlbnRcL3VwbG9hZHNcLzIwMjRcLzAzXC8xMTEwMDIxNTExLTg3MDYuanBnIiwic2xpZGVzaG93IjoiN2Q3MTZiZSJ9\" href='https:\/\/www.nicolasdohr.com\/wp-content\/uploads\/2024\/03\/1110021511-8706.jpg'><img loading=\"lazy\" decoding=\"async\" width=\"150\" height=\"150\" src=\"https:\/\/www.nicolasdohr.com\/wp-content\/uploads\/2024\/03\/1110021511-8706-150x150.jpg\" class=\"attachment-thumbnail size-thumbnail\" alt=\"Nicolas Batum contre Chalon\" aria-describedby=\"gallery-1-3101\" \/><\/a>\n\t\t\t<\/div>\n\t\t\t\t<figcaption class='wp-caption-text gallery-caption' id='gallery-1-3101'>\n\t\t\t\tNicolas Batum contre Chalon\n\t\t\t\t<\/figcaption><\/figure><figure class='gallery-item'>\n\t\t\t<div class='gallery-icon landscape'>\n\t\t\t\t<a data-elementor-open-lightbox=\"yes\" data-elementor-lightbox-slideshow=\"7d716be\" data-elementor-lightbox-description=\"Nicolas Batum en studio lors de son passage au SLUC Nancy Basket\" data-e-action-hash=\"#elementor-action%3Aaction%3Dlightbox%26settings%3DeyJpZCI6MzExMCwidXJsIjoiaHR0cHM6XC9cL3d3dy5uaWNvbGFzZG9oci5jb21cL3dwLWNvbnRlbnRcL3VwbG9hZHNcLzIwMjRcLzAzXC8xMTEwMDQxNjM4LTg5NzEtMS5qcGciLCJzbGlkZXNob3ciOiI3ZDcxNmJlIn0%3D\" href='https:\/\/www.nicolasdohr.com\/wp-content\/uploads\/2024\/03\/1110041638-8971-1.jpg'><img loading=\"lazy\" decoding=\"async\" width=\"150\" height=\"150\" src=\"https:\/\/www.nicolasdohr.com\/wp-content\/uploads\/2024\/03\/1110041638-8971-1-150x150.jpg\" class=\"attachment-thumbnail size-thumbnail\" alt=\"Nicolas Batum en studio lors de son passage au SLUC Nancy Basket\" aria-describedby=\"gallery-1-3110\" \/><\/a>\n\t\t\t<\/div>\n\t\t\t\t<figcaption class='wp-caption-text gallery-caption' id='gallery-1-3110'>\n\t\t\t\tNicolas Batum en studio lors de son passage au SLUC Nancy Basket\n\t\t\t\t<\/figcaption><\/figure><figure class='gallery-item'>\n\t\t\t<div class='gallery-icon landscape'>\n\t\t\t\t<a data-elementor-open-lightbox=\"yes\" data-elementor-lightbox-slideshow=\"7d716be\" data-elementor-lightbox-description=\"Palais Omnisport de Paris-Bercy lors de la finale de PRO A de 2011\" data-e-action-hash=\"#elementor-action%3Aaction%3Dlightbox%26settings%3DeyJpZCI6MzA5NiwidXJsIjoiaHR0cHM6XC9cL3d3dy5uaWNvbGFzZG9oci5jb21cL3dwLWNvbnRlbnRcL3VwbG9hZHNcLzIwMjRcLzAzXC8xMTA2MTExNjQzLTgyMDMtUGFub3JhbWEuanBnIiwic2xpZGVzaG93IjoiN2Q3MTZiZSJ9\" href='https:\/\/www.nicolasdohr.com\/wp-content\/uploads\/2024\/03\/1106111643-8203-Panorama.jpg'><img loading=\"lazy\" decoding=\"async\" width=\"150\" height=\"150\" src=\"https:\/\/www.nicolasdohr.com\/wp-content\/uploads\/2024\/03\/1106111643-8203-Panorama-150x150.jpg\" class=\"attachment-thumbnail size-thumbnail\" alt=\"Palais Omnisport de Paris-Bercy lors de la finale de PRO A de 2011\" aria-describedby=\"gallery-1-3096\" \/><\/a>\n\t\t\t<\/div>\n\t\t\t\t<figcaption class='wp-caption-text gallery-caption' id='gallery-1-3096'>\n\t\t\t\tPalais Omnisport de Paris-Bercy lors de la finale de PRO A de 2011\n\t\t\t\t<\/figcaption><\/figure><figure class='gallery-item'>\n\t\t\t<div class='gallery-icon portrait'>\n\t\t\t\t<a data-elementor-open-lightbox=\"yes\" data-elementor-lightbox-slideshow=\"7d716be\" data-elementor-lightbox-description=\"Nicolas Batum contre Bilbao\" data-e-action-hash=\"#elementor-action%3Aaction%3Dlightbox%26settings%3DeyJpZCI6MzEwNCwidXJsIjoiaHR0cHM6XC9cL3d3dy5uaWNvbGFzZG9oci5jb21cL3dwLWNvbnRlbnRcL3VwbG9hZHNcLzIwMjRcLzAzXC8xMTEwMjcyMjI3LTAyNzItMS5qcGciLCJzbGlkZXNob3ciOiI3ZDcxNmJlIn0%3D\" href='https:\/\/www.nicolasdohr.com\/wp-content\/uploads\/2024\/03\/1110272227-0272-1.jpg'><img loading=\"lazy\" decoding=\"async\" width=\"150\" height=\"150\" src=\"https:\/\/www.nicolasdohr.com\/wp-content\/uploads\/2024\/03\/1110272227-0272-1-150x150.jpg\" class=\"attachment-thumbnail size-thumbnail\" alt=\"Nicolas Batum contre Bilbao\" aria-describedby=\"gallery-1-3104\" \/><\/a>\n\t\t\t<\/div>\n\t\t\t\t<figcaption class='wp-caption-text gallery-caption' id='gallery-1-3104'>\n\t\t\t\tNicolas Batum contre Bilbao\n\t\t\t\t<\/figcaption><\/figure><figure class='gallery-item'>\n\t\t\t<div class='gallery-icon portrait'>\n\t\t\t\t<a data-elementor-open-lightbox=\"yes\" data-elementor-lightbox-slideshow=\"7d716be\" data-elementor-lightbox-description=\"Portrait de Victor Samnick\" data-e-action-hash=\"#elementor-action%3Aaction%3Dlightbox%26settings%3DeyJpZCI6MzA4OCwidXJsIjoiaHR0cHM6XC9cL3d3dy5uaWNvbGFzZG9oci5jb21cL3dwLWNvbnRlbnRcL3VwbG9hZHNcLzIwMjRcLzAzXC8xMDEwMDkyMTE3LTYzMjIuanBnIiwic2xpZGVzaG93IjoiN2Q3MTZiZSJ9\" href='https:\/\/www.nicolasdohr.com\/wp-content\/uploads\/2024\/03\/1010092117-6322.jpg'><img loading=\"lazy\" decoding=\"async\" width=\"150\" height=\"150\" src=\"https:\/\/www.nicolasdohr.com\/wp-content\/uploads\/2024\/03\/1010092117-6322-150x150.jpg\" class=\"attachment-thumbnail size-thumbnail\" alt=\"Portrait de Victor Samnick\" aria-describedby=\"gallery-1-3088\" \/><\/a>\n\t\t\t<\/div>\n\t\t\t\t<figcaption class='wp-caption-text gallery-caption' id='gallery-1-3088'>\n\t\t\t\tPortrait de Victor Samnick\n\t\t\t\t<\/figcaption><\/figure><figure class='gallery-item'>\n\t\t\t<div class='gallery-icon portrait'>\n\t\t\t\t<a data-elementor-open-lightbox=\"yes\" data-elementor-lightbox-slideshow=\"7d716be\" data-elementor-lightbox-description=\"Portrait de Willie Deane lors de la finale de PRO A \u00e0 Bercy (2011)\" data-e-action-hash=\"#elementor-action%3Aaction%3Dlightbox%26settings%3DeyJpZCI6MzA5OCwidXJsIjoiaHR0cHM6XC9cL3d3dy5uaWNvbGFzZG9oci5jb21cL3dwLWNvbnRlbnRcL3VwbG9hZHNcLzIwMjRcLzAzXC8xMTA2MTExNzQ1LTg0OTIuanBnIiwic2xpZGVzaG93IjoiN2Q3MTZiZSJ9\" href='https:\/\/www.nicolasdohr.com\/wp-content\/uploads\/2024\/03\/1106111745-8492.jpg'><img loading=\"lazy\" decoding=\"async\" width=\"150\" height=\"150\" src=\"https:\/\/www.nicolasdohr.com\/wp-content\/uploads\/2024\/03\/1106111745-8492-150x150.jpg\" class=\"attachment-thumbnail size-thumbnail\" alt=\"Portrait de Willie Deane lors de la finale de PRO A \u00e0 Bercy (2011)\" aria-describedby=\"gallery-1-3098\" \/><\/a>\n\t\t\t<\/div>\n\t\t\t\t<figcaption class='wp-caption-text gallery-caption' id='gallery-1-3098'>\n\t\t\t\tPortrait de Willie Deane lors de la finale de PRO A \u00e0 Bercy (2011)\n\t\t\t\t<\/figcaption><\/figure><figure class='gallery-item'>\n\t\t\t<div class='gallery-icon portrait'>\n\t\t\t\t<a data-elementor-open-lightbox=\"yes\" data-elementor-lightbox-slideshow=\"7d716be\" data-elementor-lightbox-description=\"Akin Akingbala en studio au SLUC Nancy Basket\" data-e-action-hash=\"#elementor-action%3Aaction%3Dlightbox%26settings%3DeyJpZCI6MzEwMiwidXJsIjoiaHR0cHM6XC9cL3d3dy5uaWNvbGFzZG9oci5jb21cL3dwLWNvbnRlbnRcL3VwbG9hZHNcLzIwMjRcLzAzXC8xMTEwMDQxNDMyLTg4NTAuanBnIiwic2xpZGVzaG93IjoiN2Q3MTZiZSJ9\" href='https:\/\/www.nicolasdohr.com\/wp-content\/uploads\/2024\/03\/1110041432-8850.jpg'><img loading=\"lazy\" decoding=\"async\" width=\"150\" height=\"150\" src=\"https:\/\/www.nicolasdohr.com\/wp-content\/uploads\/2024\/03\/1110041432-8850-150x150.jpg\" class=\"attachment-thumbnail size-thumbnail\" alt=\"Akin Akingbala en studio au SLUC Nancy Basket\" aria-describedby=\"gallery-1-3102\" \/><\/a>\n\t\t\t<\/div>\n\t\t\t\t<figcaption class='wp-caption-text gallery-caption' id='gallery-1-3102'>\n\t\t\t\tAkin Akingbala en studio au SLUC Nancy Basket\n\t\t\t\t<\/figcaption><\/figure><figure class='gallery-item'>\n\t\t\t<div class='gallery-icon portrait'>\n\t\t\t\t<a data-elementor-open-lightbox=\"yes\" data-elementor-lightbox-slideshow=\"7d716be\" data-elementor-lightbox-description=\"Kaniel Dickens contre Graveline\" data-e-action-hash=\"#elementor-action%3Aaction%3Dlightbox%26settings%3DeyJpZCI6MzA4NCwidXJsIjoiaHR0cHM6XC9cL3d3dy5uaWNvbGFzZG9oci5jb21cL3dwLWNvbnRlbnRcL3VwbG9hZHNcLzIwMjRcLzAzXC8xMDA1MjIyMDMwLTQ4NjktMS5qcGciLCJzbGlkZXNob3ciOiI3ZDcxNmJlIn0%3D\" href='https:\/\/www.nicolasdohr.com\/wp-content\/uploads\/2024\/03\/1005222030-4869-1.jpg'><img loading=\"lazy\" decoding=\"async\" width=\"150\" height=\"150\" src=\"https:\/\/www.nicolasdohr.com\/wp-content\/uploads\/2024\/03\/1005222030-4869-1-150x150.jpg\" class=\"attachment-thumbnail size-thumbnail\" alt=\"Kaniel Dickens contre Graveline\" aria-describedby=\"gallery-1-3084\" \/><\/a>\n\t\t\t<\/div>\n\t\t\t\t<figcaption class='wp-caption-text gallery-caption' id='gallery-1-3084'>\n\t\t\t\tKaniel Dickens contre Graveline\n\t\t\t\t<\/figcaption><\/figure>\n\t\t<\/div>\n\t\t<\/div>\n\t\t\t\t\t\t<\/div>\n\t\t\t\t<\/div>\n\t\t\t\t<\/div>\n\t\t<div class=\"elementor-element elementor-element-a231130 e-flex e-con-boxed e-con e-parent\" data-id=\"a231130\" data-element_type=\"container\" data-e-type=\"container\">\n\t\t\t\t\t<div class=\"e-con-inner\">\n\t\t\t\t<div class=\"elementor-element elementor-element-e88fce6 elementor-widget-divider--view-line elementor-widget elementor-widget-divider\" data-id=\"e88fce6\" data-element_type=\"widget\" data-e-type=\"widget\" data-widget_type=\"divider.default\">\n\t\t\t\t<div class=\"elementor-widget-container\">\n\t\t\t\t\t\t\t<div class=\"elementor-divider\">\n\t\t\t<span class=\"elementor-divider-separator\">\n\t\t\t\t\t\t<\/span>\n\t\t<\/div>\n\t\t\t\t\t\t<\/div>\n\t\t\t\t<\/div>\n\t\t\t\t\t<\/div>\n\t\t\t\t<\/div>\n\t\t<div class=\"elementor-element elementor-element-f3c81f8 e-con-full e-flex e-con e-parent\" data-id=\"f3c81f8\" data-element_type=\"container\" data-e-type=\"container\" data-settings=\"{&quot;background_background&quot;:&quot;classic&quot;}\">\n\t\t\t\t<div class=\"elementor-element elementor-element-fcb711b e-transform elementor-widget elementor-widget-heading\" data-id=\"fcb711b\" data-element_type=\"widget\" data-e-type=\"widget\" data-settings=\"{&quot;_transform_translateX_effect&quot;:{&quot;unit&quot;:&quot;px&quot;,&quot;size&quot;:0,&quot;sizes&quot;:[]},&quot;_transform_translateY_effect&quot;:{&quot;unit&quot;:&quot;px&quot;,&quot;size&quot;:0,&quot;sizes&quot;:[]},&quot;_transform_translateX_effect_tablet&quot;:{&quot;unit&quot;:&quot;px&quot;,&quot;size&quot;:&quot;&quot;,&quot;sizes&quot;:[]},&quot;_transform_translateX_effect_mobile&quot;:{&quot;unit&quot;:&quot;px&quot;,&quot;size&quot;:&quot;&quot;,&quot;sizes&quot;:[]},&quot;_transform_translateY_effect_tablet&quot;:{&quot;unit&quot;:&quot;px&quot;,&quot;size&quot;:&quot;&quot;,&quot;sizes&quot;:[]},&quot;_transform_translateY_effect_mobile&quot;:{&quot;unit&quot;:&quot;px&quot;,&quot;size&quot;:&quot;&quot;,&quot;sizes&quot;:[]}}\" data-widget_type=\"heading.default\">\n\t\t\t\t<div class=\"elementor-widget-container\">\n\t\t\t\t\t<h1 class=\"elementor-heading-title elementor-size-default\">Vous pourriez aussi aimer ...<\/h1>\t\t\t\t<\/div>\n\t\t\t\t<\/div>\n\t\t\t\t<div class=\"elementor-element elementor-element-472d32b elementor-grid-4 elementor-grid-tablet-4 elementor-grid-mobile-2 elementor-posts--align-center elementor-posts--thumbnail-top elementor-widget elementor-widget-posts\" data-id=\"472d32b\" data-element_type=\"widget\" data-e-type=\"widget\" data-settings=\"{&quot;classic_columns&quot;:&quot;4&quot;,&quot;classic_columns_tablet&quot;:&quot;4&quot;,&quot;classic_columns_mobile&quot;:&quot;2&quot;,&quot;classic_masonry&quot;:&quot;yes&quot;,&quot;classic_row_gap&quot;:{&quot;unit&quot;:&quot;px&quot;,&quot;size&quot;:47,&quot;sizes&quot;:[]},&quot;classic_row_gap_tablet&quot;:{&quot;unit&quot;:&quot;px&quot;,&quot;size&quot;:&quot;&quot;,&quot;sizes&quot;:[]},&quot;classic_row_gap_mobile&quot;:{&quot;unit&quot;:&quot;px&quot;,&quot;size&quot;:&quot;&quot;,&quot;sizes&quot;:[]}}\" data-widget_type=\"posts.classic\">\n\t\t\t\t<div class=\"elementor-widget-container\">\n\t\t\t\t\t\t\t<div class=\"elementor-posts-container elementor-posts elementor-posts--skin-classic elementor-grid\" role=\"list\">\n\t\t\t\t<article class=\"elementor-post elementor-grid-item post-3446 post type-post status-publish format-standard has-post-thumbnail hentry category-industrie category-patrimoine category-reportage\" role=\"listitem\">\n\t\t\t\t<a class=\"elementor-post__thumbnail__link\" href=\"https:\/\/www.nicolasdohr.com\/?p=3446\" tabindex=\"-1\" >\n\t\t\t<div class=\"elementor-post__thumbnail\"><img loading=\"lazy\" decoding=\"async\" width=\"300\" height=\"200\" src=\"https:\/\/www.nicolasdohr.com\/wp-content\/uploads\/2024\/03\/2312050901-0130.3870-300x200.jpg\" class=\"attachment-medium size-medium wp-image-4959\" alt=\"Coul\u00e9e d&#039;\u00e9tain en fusion dans la fonderie Huguenin \u00e0 Vezelise (54)\" srcset=\"https:\/\/www.nicolasdohr.com\/wp-content\/uploads\/2024\/03\/2312050901-0130.3870-300x200.jpg 300w, https:\/\/www.nicolasdohr.com\/wp-content\/uploads\/2024\/03\/2312050901-0130.3870-1024x683.jpg 1024w, https:\/\/www.nicolasdohr.com\/wp-content\/uploads\/2024\/03\/2312050901-0130.3870-768x512.jpg 768w, https:\/\/www.nicolasdohr.com\/wp-content\/uploads\/2024\/03\/2312050901-0130.3870.jpg 1200w\" sizes=\"(max-width: 300px) 100vw, 300px\" \/><\/div>\n\t\t<\/a>\n\t\t\t\t<div class=\"elementor-post__text\">\n\t\t\t\t<h3 class=\"elementor-post__title\">\n\t\t\t<a href=\"https:\/\/www.nicolasdohr.com\/?p=3446\" >\n\t\t\t\tDans le creuset d&rsquo;une Fonderie d&rsquo;Art en Lorraine\t\t\t<\/a>\n\t\t<\/h3>\n\t\t\t\t<\/div>\n\t\t\t\t<\/article>\n\t\t\t\t<article class=\"elementor-post elementor-grid-item post-6587 post type-post status-publish format-standard has-post-thumbnail hentry category-architecture-moderne category-reportage category-tourisme\" role=\"listitem\">\n\t\t\t\t<a class=\"elementor-post__thumbnail__link\" href=\"https:\/\/www.nicolasdohr.com\/?p=6587\" tabindex=\"-1\" >\n\t\t\t<div class=\"elementor-post__thumbnail\"><img loading=\"lazy\" decoding=\"async\" width=\"300\" height=\"200\" src=\"https:\/\/www.nicolasdohr.com\/wp-content\/uploads\/2024\/04\/2312150447-0161.3804-300x200.jpg\" class=\"attachment-medium size-medium wp-image-6593\" alt=\"Sur les tapis roulants de l&#039;a\u00e9roport de l&#039;a\u00e9roport de Doha, Qatar\" srcset=\"https:\/\/www.nicolasdohr.com\/wp-content\/uploads\/2024\/04\/2312150447-0161.3804-300x200.jpg 300w, https:\/\/www.nicolasdohr.com\/wp-content\/uploads\/2024\/04\/2312150447-0161.3804-1024x683.jpg 1024w, https:\/\/www.nicolasdohr.com\/wp-content\/uploads\/2024\/04\/2312150447-0161.3804-768x512.jpg 768w, https:\/\/www.nicolasdohr.com\/wp-content\/uploads\/2024\/04\/2312150447-0161.3804.jpg 1200w\" sizes=\"(max-width: 300px) 100vw, 300px\" \/><\/div>\n\t\t<\/a>\n\t\t\t\t<div class=\"elementor-post__text\">\n\t\t\t\t<h3 class=\"elementor-post__title\">\n\t\t\t<a href=\"https:\/\/www.nicolasdohr.com\/?p=6587\" >\n\t\t\t\tSur la route de l&rsquo;Arabie Saoudite\t\t\t<\/a>\n\t\t<\/h3>\n\t\t\t\t<\/div>\n\t\t\t\t<\/article>\n\t\t\t\t<article class=\"elementor-post elementor-grid-item post-3489 post type-post status-publish format-standard has-post-thumbnail hentry category-reportage\" role=\"listitem\">\n\t\t\t\t<a class=\"elementor-post__thumbnail__link\" href=\"https:\/\/www.nicolasdohr.com\/?p=3489\" tabindex=\"-1\" >\n\t\t\t<div class=\"elementor-post__thumbnail\"><img loading=\"lazy\" decoding=\"async\" width=\"300\" height=\"200\" src=\"https:\/\/www.nicolasdohr.com\/wp-content\/uploads\/2024\/03\/2309281031-8283.3761-300x200.jpg\" class=\"attachment-medium size-medium wp-image-4882\" alt=\"Gazelle Nato Tiger Meet 2023 au 3e RHC d&#039;Etain\" srcset=\"https:\/\/www.nicolasdohr.com\/wp-content\/uploads\/2024\/03\/2309281031-8283.3761-300x200.jpg 300w, https:\/\/www.nicolasdohr.com\/wp-content\/uploads\/2024\/03\/2309281031-8283.3761-1024x683.jpg 1024w, https:\/\/www.nicolasdohr.com\/wp-content\/uploads\/2024\/03\/2309281031-8283.3761-768x512.jpg 768w, https:\/\/www.nicolasdohr.com\/wp-content\/uploads\/2024\/03\/2309281031-8283.3761.jpg 1200w\" sizes=\"(max-width: 300px) 100vw, 300px\" \/><\/div>\n\t\t<\/a>\n\t\t\t\t<div class=\"elementor-post__text\">\n\t\t\t\t<h3 class=\"elementor-post__title\">\n\t\t\t<a href=\"https:\/\/www.nicolasdohr.com\/?p=3489\" >\n\t\t\t\tNato Air Meeting au 3e RHC\t\t\t<\/a>\n\t\t<\/h3>\n\t\t\t\t<\/div>\n\t\t\t\t<\/article>\n\t\t\t\t<\/div>\n\t\t\n\t\t\t\t\t\t<\/div>\n\t\t\t\t<\/div>\n\t\t\t\t<\/div>\n\t\t\t\t<\/div>\n\t\t","protected":false},"excerpt":{"rendered":"<p>Pendant quatre saisons intenses, j&rsquo;ai eu le privil\u00e8ge d&rsquo;\u00eatre le t\u00e9moin privil\u00e9gi\u00e9 des exploits du SLUC Nancy Basket. Cela m&rsquo;a conduit au sacre de l&rsquo;\u00e9quipe \u00e0 Bercy en 2011, lorsque le club est remporta le championnat Pro A au terme d&rsquo;un match haletant contre Cholet Basket.<\/p>\n","protected":false},"author":3,"featured_media":3070,"parent":3053,"menu_order":0,"comment_status":"closed","ping_status":"closed","template":"","meta":{"_sitemap_exclude":false,"_sitemap_priority":"","_sitemap_frequency":"","_monsterinsights_skip_tracking":false,"_monsterinsights_sitenote_active":false,"_monsterinsights_sitenote_note":"","_monsterinsights_sitenote_category":0,"footnotes":""},"class_list":["post-3065","page","type-page","status-publish","has-post-thumbnail","hentry"],"_links":{"self":[{"href":"https:\/\/www.nicolasdohr.com\/index.php?rest_route=\/wp\/v2\/pages\/3065","targetHints":{"allow":["GET"]}}],"collection":[{"href":"https:\/\/www.nicolasdohr.com\/index.php?rest_route=\/wp\/v2\/pages"}],"about":[{"href":"https:\/\/www.nicolasdohr.com\/index.php?rest_route=\/wp\/v2\/types\/page"}],"author":[{"embeddable":true,"href":"https:\/\/www.nicolasdohr.com\/index.php?rest_route=\/wp\/v2\/users\/3"}],"replies":[{"embeddable":true,"href":"https:\/\/www.nicolasdohr.com\/index.php?rest_route=%2Fwp%2Fv2%2Fcomments&post=3065"}],"version-history":[{"count":90,"href":"https:\/\/www.nicolasdohr.com\/index.php?rest_route=\/wp\/v2\/pages\/3065\/revisions"}],"predecessor-version":[{"id":7131,"href":"https:\/\/www.nicolasdohr.com\/index.php?rest_route=\/wp\/v2\/pages\/3065\/revisions\/7131"}],"up":[{"embeddable":true,"href":"https:\/\/www.nicolasdohr.com\/index.php?rest_route=\/wp\/v2\/pages\/3053"}],"wp:featuredmedia":[{"embeddable":true,"href":"https:\/\/www.nicolasdohr.com\/index.php?rest_route=\/wp\/v2\/media\/3070"}],"wp:attachment":[{"href":"https:\/\/www.nicolasdohr.com\/index.php?rest_route=%2Fwp%2Fv2%2Fmedia&parent=3065"}],"curies":[{"name":"wp","href":"https:\/\/api.w.org\/{rel}","templated":true}]}}